{"id":12679,"date":"2019-10-16T10:20:49","date_gmt":"2019-10-16T07:20:49","guid":{"rendered":"http:\/\/www.basanaviciaus.vilnius.lm.lt\/?page_id=12679"},"modified":"2019-10-16T10:33:42","modified_gmt":"2019-10-16T07:33:42","slug":"projektas-inovatyvus-ugdymas17-18","status":"publish","type":"page","link":"http:\/\/www.basanaviciaus.vilnius.lm.lt\/?page_id=12679","title":{"rendered":"Projektas \u201eInovatyvus ugdymas\u201c17-18"},"content":{"rendered":"<p align=\"center\">\n\t<span style=\"color:#696969;\"><span style=\"font-size:14px;\"><span style=\"font-family:times new roman,times,serif;\"><strong>Projektas &bdquo;Inovatyvus ugdymas&ldquo;<\/strong><\/span><\/span><\/span>\n<\/p>\n<p align=\"center\">\n\t<span style=\"color:#696969;\"><span style=\"font-size:14px;\"><span style=\"font-family:times new roman,times,serif;\"><strong>&bdquo;Erasmus+&ldquo; KA1 (asmen\u0173 mobilumas mokymosi tikslais)<\/strong><\/span><\/span><\/span>\n<\/p>\n<p>\n\t<span style=\"color:#696969;\"><span style=\"font-size:14px;\"><span style=\"font-family:times new roman,times,serif;\"><strong><u>PROJEKTO &bdquo;INOVATYVUS UGDYMAS&ldquo; SANTRAUKA:<\/u><\/strong><br \/>\n\t\u200bVienas i&scaron; gimnazijos strategini\u0173 tiksl\u0173 &#8211; nuolat atnaujinti gimnazijos IKT priemones bei siekti, kad mokytojai tobulint\u0173 darbo su IKT \u012fg\u016bd\u017eius bei ugdymo procese s\u0117kmingai naudot\u0173 IKT edukacines erdves, savo darbe taikyt\u0173 inovatyvius ugdymo metodus. Taigi mokytojai privalo kelti kvalifikacij\u0105, kad gal\u0117t\u0173 s\u0117kmingai ir sistemingai naudotis gimnazijoje esan\u010dia modernia baze, nes kartais patiems mokytojams pritr\u016bksta naujovi\u0173, post\u016bmio inovatyviam mokymui.&nbsp;<\/span><\/span><\/span>\n<\/p>\n<p>\n\t<span style=\"color:#696969;\"><span style=\"font-size:14px;\"><span style=\"font-family:times new roman,times,serif;\">Dalyvavimas projekte &quot;Inovatyvus ugdymas&quot; sudarys puikias galimybes \u012fgyvendinti gimnazijos strateginius siekius:&nbsp; &scaron;io projekto atrankos metu i&scaron;rinkti 6 gimnazijos mokytojai vyks tobulinti savo bendr\u0173j\u0173 ir dalykini\u0173 kompetencij\u0173 \u012f mokymus Graikijoje, o gr\u012f\u017e\u0119 savo \u012fgyt\u0105&nbsp; ger\u0105j\u0105 patirt\u012f skleis gimnazijoje ir u\u017e jos rib\u0173. Taip pat ruo&scaron;damiesi b\u016bsimiems mokymams ir j\u0173 metu mokytojai patobulins savo bendravimo angl\u0173 kalba \u012fg\u016bd\u017eius.<\/span><\/span><\/span>\n<\/p>\n<p>\n\t<span style=\"color:#696969;\"><span style=\"font-size:14px;\"><span style=\"font-family:times new roman,times,serif;\"><strong><u>Pagrindiniai &scaron;io projekto tikslai:<\/u><\/strong><\/span><\/span><\/span>\n<\/p>\n<p>\n\t<span style=\"color:#696969;\"><span style=\"font-size:14px;\"><span style=\"font-family:times new roman,times,serif;\">1. Pagerinti ugdymo proceso kokyb\u0119, \u012fgyjant praktini\u0173 \u012fg\u016bd\u017ei\u0173 naudojant IKT \u012frankius (Basecamp, Podcasting, Movie making, Social Networking, Wikis, Webquests ir pan.), taikant juos savo pamokose ir tuo pa\u010diu didinant mokini\u0173 motyvacij\u0105 mokytis, praple\u010diant j\u0173 mokymosi galimybes, skatinant mokym\u0105si bendradarbiaujant, ugdant tokius \u012fg\u016bd\u017eius kaip k\u016brybi&scaron;kumas, kritinis m\u0105stymas, planavimas, problem\u0173 sprendimas ir sprendim\u0173 pri\u0117mimas.<\/span><\/span><\/span>\n<\/p>\n<p>\n\t<span style=\"color:#696969;\"><span style=\"font-size:14px;\"><span style=\"font-family:times new roman,times,serif;\">2. Tobulinti IKT kompetencijas, teorines \u017einias derinti su praktine veikla. Mokytojai taip pat patobulins darbo komandoje \u012fg\u016bd\u017eius, i&scaron;moks nauj\u0173, inovatyvi\u0173 mokymo metod\u0173 taikymo tarpkult\u016briniame kontekste. Taip mokytojai pad\u0117s mokiniams lengviau pasiekti mokymosi tiksl\u0173 naudojantis IKT \u012frankiais. Tai prapl\u0117s mokin\u0173 mokymosi galimybes, skatins mokinius tapti aktyviais k\u016br\u0117jais, o ne pasyviais klausytojais.<\/span><\/span><\/span>\n<\/p>\n<p>\n\t<span style=\"color:#696969;\"><span style=\"font-size:14px;\"><span style=\"font-family:times new roman,times,serif;\">3. Skatinti mokytojus bei mokinius pa\u017einti kitas kult\u016bras bei inicijuoti partnerystes su u\u017esienio &scaron;ali\u0173 institucijomis. To pasekoje suaktyv\u0117s ir gimnazijos projektinis gyvenimas, gimnazijos bendruomen\u0117 u\u017emegs glaudesnius ry&scaron;ius su u\u017esienio &scaron;ali\u0173 institucijomis.<\/span><\/span><\/span>\n<\/p>\n<p>\n\t<span style=\"color:#696969;\"><span style=\"font-size:14px;\"><span style=\"font-family:times new roman,times,serif;\">Mobilumo metu patobulintos mokytoj\u0173 dalykin\u0117s ir bendrosios kompetencijos pad\u0117s u\u017etikrinti geresn\u0119 ugdymo proceso kokyb\u0119: galimyb\u0117 susipa\u017einti su kit\u0173 &scaron;ali\u0173 &scaron;vietimo patirtimi pad\u0117s mokytojams ne tik taikyti \u012fvairesnius inovatyvius mokymo metodus, bet ir vertinti savo darb\u0105 kit\u0173 &scaron;ali\u0173 kontekste, o tai skatins naujas id\u0117jas ir tolesn\u012f tobul\u0117jim\u0105.<\/span><\/span><\/span>\n<\/p>\n<p>\n\t<span style=\"color:#696969;\"><span style=\"font-size:14px;\"><span style=\"font-family:times new roman,times,serif;\">\u012egytos patirties panaudojimas ir gerosios patirties sklaida prisid\u0117s prie teigiamo bei patrauklaus &scaron;iuolaikin\u0117s gimnazijos \u012fvaizd\u017eio formavimo, gimnazija bus kaitai bei naujov\u0117ms atvira &scaron;iuolaikine ugdymo \u012fstaiga, skatinan\u010dia k\u016brybi&scaron;kum\u0105 bei tobul\u0117jim\u0105.<\/span><\/span><\/span>\n<\/p>\n<p>\n\t<span style=\"color:#696969;\"><span style=\"font-size:14px;\"><span style=\"font-family:times new roman,times,serif;\">Taigi, \u012fgyta patirtis, patobulintos kompetencijos tur\u0117s teigiam\u0105 poveik\u012f ir ilgalaik\u0119 naud\u0105 visai gimnazijos bendruomenei &#8211; tiek mokytojams, tiek mokiniams. Projekto nauda bus vertinama vykdant ugdymo proceso steb\u0117sen\u0105, j\u0105 analizuojant ir vertinant.&nbsp;<\/span><\/span><\/span>\n<\/p>\n<p>\n\t<span style=\"color:#696969;\"><span style=\"font-size:14px;\"><span style=\"font-family:times new roman,times,serif;\">Seminare dalyvav\u0119 mokytojai skleis \u012fgyt\u0105 patirt\u012f gimnazijoje, Vilniaus miesto (atviros pamokos, tradicin\u0117mis tapusios metodin\u0117s dienos su kit\u0173 ugdymo \u012fstaig\u0173 mokytojais, kuri\u0173 metu mokytojai prakti&scaron;kai demonstruos mokymuose \u012fgytas \u017einias bei praves mokymus) bei &scaron;alies ugdymo \u012fstaigoms (tradicin\u0117 Bendruomen\u0117s konferencija, mokytoj\u0173 organizuojamos &scaron;alies konferencijos).<\/span><\/span><\/span>\n<\/p>\n<p>\n\t<span style=\"color:#696969;\"><span style=\"font-size:14px;\"><span style=\"font-family:times new roman,times,serif;\"><strong><u>\u012egyt\u0105 patirt\u012f ir \u017einias planuojama skleisti taip: <\/u><\/strong><\/span><\/span><\/span>\n<\/p>\n<p>\n\t<span style=\"color:#696969;\"><span style=\"font-size:14px;\"><span style=\"font-family:times new roman,times,serif;\">&#8211; pristatymas gimnazijos mokytojams mokytoj\u0173 pos\u0117d\u017ei\u0173 metu, atskir\u0173 metodini\u0173 grupi\u0173 susirinkim\u0173 metu prakti&scaron;kai demonstruojamos \u012fgytos \u017einios, siekiant pasidalinti su mokymuose nedalyvavusiais metodin\u0117s grup\u0117s nariais;<\/span><\/span><\/span>\n<\/p>\n<p>\n\t<span style=\"color:#696969;\"><span style=\"font-size:14px;\"><span style=\"font-family:times new roman,times,serif;\">&#8211; mokiniams pamok\u0173 metu, taikant inovatyvius mokymo metodus naudojant IKT ;<\/span><\/span><\/span>\n<\/p>\n<p>\n\t<span style=\"color:#696969;\"><span style=\"font-size:14px;\"><span style=\"font-family:times new roman,times,serif;\">&#8211; \u012fgyta patirtis b\u016bt\u0173 naudojama integruojant pamokas (\u012fvairius mokomuosius dalykus integruojant su IKT), kadangi ugdymo turinio klausimuose, o taip pat ir gimnazijos strateginiame plane akcentuojama dalyk\u0173 integracija;<\/span><\/span><\/span>\n<\/p>\n<p>\n\t<span style=\"color:#696969;\"><span style=\"font-size:14px;\"><span style=\"font-family:times new roman,times,serif;\">&#8211; projekte dalyvav\u0119 mokytojai parengs IKT naudojimo metod\u0173 baz\u0119 \u012fvairiems mokymo dalykams, patalpins j\u0105 gimnazijos Office 365 platformoje;<\/span><\/span><\/span>\n<\/p>\n<p>\n\t<span style=\"color:#696969;\"><span style=\"font-size:14px;\"><span style=\"font-family:times new roman,times,serif;\">&#8211; atsive\u017eta kurs\u0173 med\u017eiaga, metodine med\u017eiaga, mokym\u0173 dalyviai pasidalins su savo kolegomis, patalpins j\u0105 gimnazijos Office 365 platformoje;&nbsp;&nbsp;<\/span><\/span><\/span>\n<\/p>\n<p>\n\t<span style=\"color:#696969;\"><span style=\"font-size:14px;\"><span style=\"font-family:times new roman,times,serif;\">&#8211; gimnazijos informaciniame ekrane po mokym\u0173 bus rodoma informacin\u0117 med\u017eiaga \/ video&nbsp; i&scaron; mokym\u0173;<\/span><\/span><\/span>\n<\/p>\n<p>\n\t<span style=\"color:#696969;\"><span style=\"font-size:14px;\"><span style=\"font-family:times new roman,times,serif;\">&#8211; atvir\u0173 pamok\u0173, naudojant mokymuose \u012fgyt\u0105 ger\u0105j\u0105 patirt\u012f, vedimas kolegoms gimnazijoje;<\/span><\/span><\/span>\n<\/p>\n<p>\n\t<span style=\"color:#696969;\"><span style=\"font-size:14px;\"><span style=\"font-family:times new roman,times,serif;\">&#8211; atvir\u0173 pamok\u0173, naudojant mokymuose \u012fgyt\u0105 ger\u0105j\u0105 patirt\u012f, vedimas miesto mastu, skelbiant apie tai Vilniaus miesto rengini\u0173 plane;<\/span><\/span><\/span>\n<\/p>\n<p>\n\t<span style=\"color:#696969;\"><span style=\"font-size:14px;\"><span style=\"font-family:times new roman,times,serif;\">&#8211; informacijos apie dalyvavim\u0105 projekte, projekto rezultat\u0173 sklaida klas\u0117s valand\u0117li\u0173 metu, t\u0117v\u0173 susirinkim\u0173 metu;<\/span><\/span><\/span>\n<\/p>\n<p>\n\t<span style=\"color:#696969;\"><span style=\"font-size:14px;\"><span style=\"font-family:times new roman,times,serif;\">&#8211; tikslin\u0117s diskusijos bei praktiniai u\u017esi\u0117mimai (workshop) gimnazijos organizuojamose tradicin\u0117se metodin\u0117se dienose su kit\u0173 ugdymo \u012fstaig\u0173 mokytojais,&nbsp; kuri\u0173 metu bus aptariama ir prakti&scaron;kai demonstruojama, kaip gimnazijos mokytojams sekasi savo vedamose pamokose panaudoti mokym\u0173 med\u017eiag\u0105, mokymuose u\u017esienyje \u012fgyt\u0105 patirt\u012f.<\/span><\/span><\/span>\n<\/p>\n<p>\n\t<span style=\"color:#696969;\"><span style=\"font-size:14px;\"><span style=\"font-family:times new roman,times,serif;\">&#8211; straipsnis gimnazijos tinklalapyje, mokini\u0173 m\u0117nra&scaron;tyje &quot;Ritmas&quot;;<\/span><\/span><\/span>\n<\/p>\n<p>\n\t<span style=\"color:#696969;\"><span style=\"font-size:14px;\"><span style=\"font-family:times new roman,times,serif;\">&#8211; informacijos apie dalyvavim\u0105 projekte, projekto rezultat\u0173 sklaida socialiniuose tinkluose (gimnazijos profilyje facebook,&nbsp; asmeniniuose dalyvi\u0173 profiliuose facebook socialiniame tinkle;<\/span><\/span><\/span>\n<\/p>\n<p>\n\t<span style=\"color:#696969;\"><span style=\"font-size:14px;\"><span style=\"font-family:times new roman,times,serif;\">&#8211; straipsnis \u012f www.erasmus-plius.lt svetain\u0119;&nbsp;<\/span><\/span><\/span>\n<\/p>\n<p>\n\t<span style=\"color:#696969;\"><span style=\"font-size:14px;\"><span style=\"font-family:times new roman,times,serif;\">&#8211; prane&scaron;imas \/ pristatymas \/ praktiniai u\u017esi\u0117mimai dalyviams (workshop) apie dalyvavim\u0105 projekte, mokymuose ir \u012fgyt\u0105 patirt\u012f tradicin\u0117je kasmetin\u0117je gimnazijoje organizuojamoje &quot;Bendruomen\u0117s konferencijoje&quot;;<\/span><\/span><\/span>\n<\/p>\n<hr \/>\n<table border=\"1\" cellpadding=\"1\" cellspacing=\"1\" style=\"width:650px;\">\n<tbody>\n<tr>\n<td style=\"text-align: center; vertical-align: middle; width: 100px;\">\n\t\t\t\t<span style=\"font-size:14px;\"><span style=\"font-family:times new roman,times,serif;\"><a href=\"http:\/\/www.basanaviciaus.vilnius.lm.lt\/wp-content\/uploads\/2017\/06\/Erasmus.png\" rel=\"\" target=\"\" title=\"\"><img loading=\"lazy\" decoding=\"async\" alt=\"\" height=\"68\" src=\"http:\/\/www.basanaviciaus.vilnius.lm.lt\/wp-content\/uploads\/2017\/06\/Erasmus.png\" title=\"\" width=\"96\" \/><\/a><\/span><\/span>\n\t\t\t<\/td>\n<td style=\"vertical-align: middle;\">\n<p>\n\t\t\t\t\t<span style=\"color:#696969;\"><span style=\"font-size:14px;\"><span style=\"font-family:times new roman,times,serif;\"><strong>2017-10-10<\/strong><\/span><\/span><\/span>\n\t\t\t\t<\/p>\n<p>\n\t\t\t\t\t<span style=\"font-size:14px;\"><span style=\"font-family:times new roman,times,serif;\"><span style=\"color:#696969;\"><strong>Erasmus+ KA1 projektas&nbsp;&bdquo;Inovatyvus ugdymas&ldquo;.&nbsp;<\/strong><\/span><a href=\"http:\/\/www.basanaviciaus.vilnius.lm.lt\/?page_id=9037\">Skaityti pla\u010diau&#8230;<\/a><\/span><\/span>\n\t\t\t\t<\/p>\n<\/td>\n<\/tr>\n<\/tbody>\n<\/table>\n<hr \/>\n<table border=\"1\" cellpadding=\"1\" cellspacing=\"1\" style=\"width:650px;\">\n<tbody>\n<tr>\n<td>\n<p>\n\t\t\t\t\t<span style=\"font-size:14px;\"><span style=\"font-family:times new roman,times,serif;\"><a href=\"http:\/\/www.basanaviciaus.vilnius.lm.lt\/wp-content\/uploads\/2017\/06\/Erasmus.png\" rel=\"\" target=\"\" title=\"\"><img loading=\"lazy\" decoding=\"async\" alt=\"\" height=\"68\" src=\"http:\/\/www.basanaviciaus.vilnius.lm.lt\/wp-content\/uploads\/2017\/06\/Erasmus.png\" title=\"\" width=\"96\" \/><\/a><\/span><\/span>\n\t\t\t\t<\/p>\n<p>\n\t\t\t\t\t<span style=\"font-size:14px;\"><span style=\"font-family:times new roman,times,serif;\"><a href=\"http:\/\/www.basanaviciaus.vilnius.lm.lt\/wp-content\/uploads\/2017\/09\/6.jpg\" rel=\"\" target=\"\" title=\"\"><img loading=\"lazy\" decoding=\"async\" alt=\"\" height=\"90\" src=\"http:\/\/www.basanaviciaus.vilnius.lm.lt\/wp-content\/uploads\/2017\/09\/6-150x150.jpg\" title=\"\" width=\"90\" \/><\/a><\/span><\/span>\n\t\t\t\t<\/p>\n<\/td>\n<td>\n<p>\n\t\t\t\t\t<span style=\"color:#696969;\"><span style=\"font-size:14px;\"><span style=\"font-family:times new roman,times,serif;\"><strong>2017-10-30<\/strong><\/span><\/span><\/span>\n\t\t\t\t<\/p>\n<p>\n\t\t\t\t\t<span style=\"font-size:14px;\"><span style=\"font-family:times new roman,times,serif;\"><span style=\"color:#696969;\"><strong>Erasmus+ KA1 projekto&nbsp;&bdquo;Inovatyvus ugdymas&ldquo; sklaida kit\u0173 mokykl\u0173 mokytojams. <\/strong><\/span><a href=\"http:\/\/www.basanaviciaus.vilnius.lm.lt\/?page_id=9654\">Skaityti pla\u010diau&#8230;<\/a><\/span><\/span>\n\t\t\t\t<\/p>\n<hr \/>\n<p>\n\t\t\t\t\t<span style=\"color:#696969;\"><span style=\"font-size:14px;\"><span style=\"font-family:times new roman,times,serif;\"><strong>2017-10-31<\/strong><\/span><\/span><\/span>\n\t\t\t\t<\/p>\n<p>\n\t\t\t\t\t<span style=\"font-size:14px;\"><span style=\"font-family:times new roman,times,serif;\"><span style=\"color:#696969;\"><strong>Erasmus+ KA1 projekto&nbsp;&bdquo;Inovatyvus ugdymas&ldquo; sklaida kit\u0173 mokykl\u0173 mokytojams.<\/strong><strong> <\/strong><\/span><a href=\"http:\/\/www.basanaviciaus.vilnius.lm.lt\/?page_id=9655\">Skaityti pla\u010diau&#8230;<\/a><\/span><\/span>\n\t\t\t\t<\/p>\n<hr \/>\n<p>\n\t\t\t\t\t<span style=\"color:#696969;\"><span style=\"font-size:14px;\"><span style=\"font-family:times new roman,times,serif;\"><strong>2017-12-27<\/strong><\/span><\/span><\/span>\n\t\t\t\t<\/p>\n<p>\n\t\t\t\t\t<span style=\"font-size:14px;\"><span style=\"font-family:times new roman,times,serif;\"><span style=\"color:#696969;\"><strong>Erasmus+ KA1 projekto&nbsp;&bdquo;Inovatyvus ugdymas&ldquo; sklaida kit\u0173 mokykl\u0173 mokytojams. <\/strong><\/span><a href=\"http:\/\/www.basanaviciaus.vilnius.lm.lt\/?page_id=9651\">Skaityti pla\u010diau&#8230;<\/a><\/span><\/span>\n\t\t\t\t<\/p>\n<\/td>\n<\/tr>\n<\/tbody>\n<\/table>\n","protected":false},"excerpt":{"rendered":"<p>Projektas &bdquo;Inovatyvus ugdymas&ldquo; &bdquo;Erasmus+&ldquo; KA1 (asmen\u0173 mobilumas mokymosi tikslais) PROJEKTO &bdquo;INOVATYVUS UGDYMAS&ldquo; SANTRAUKA: \u200bVienas i&scaron; gimnazijos strategini\u0173 tiksl\u0173 &#8211; nuolat atnaujinti gimnazijos IKT priemones bei siekti, kad mokytojai tobulint\u0173 darbo su IKT \u012fg\u016bd\u017eius bei ugdymo procese s\u0117kmingai naudot\u0173 IKT edukacines erdves, savo darbe taikyt\u0173 inovatyvius ugdymo metodus. Taigi mokytojai privalo kelti kvalifikacij\u0105, kad gal\u0117t\u0173 s\u0117kmingai [&hellip;]<\/p>\n","protected":false},"author":1,"featured_media":0,"parent":190,"menu_order":0,"comment_status":"closed","ping_status":"closed","template":"","meta":{"footnotes":""},"class_list":["post-12679","page","type-page","status-publish","hentry"],"_links":{"self":[{"href":"http:\/\/www.basanaviciaus.vilnius.lm.lt\/index.php?rest_route=\/wp\/v2\/pages\/12679","targetHints":{"allow":["GET"]}}],"collection":[{"href":"http:\/\/www.basanaviciaus.vilnius.lm.lt\/index.php?rest_route=\/wp\/v2\/pages"}],"about":[{"href":"http:\/\/www.basanaviciaus.vilnius.lm.lt\/index.php?rest_route=\/wp\/v2\/types\/page"}],"author":[{"embeddable":true,"href":"http:\/\/www.basanaviciaus.vilnius.lm.lt\/index.php?rest_route=\/wp\/v2\/users\/1"}],"replies":[{"embeddable":true,"href":"http:\/\/www.basanaviciaus.vilnius.lm.lt\/index.php?rest_route=%2Fwp%2Fv2%2Fcomments&post=12679"}],"version-history":[{"count":2,"href":"http:\/\/www.basanaviciaus.vilnius.lm.lt\/index.php?rest_route=\/wp\/v2\/pages\/12679\/revisions"}],"predecessor-version":[{"id":12681,"href":"http:\/\/www.basanaviciaus.vilnius.lm.lt\/index.php?rest_route=\/wp\/v2\/pages\/12679\/revisions\/12681"}],"up":[{"embeddable":true,"href":"http:\/\/www.basanaviciaus.vilnius.lm.lt\/index.php?rest_route=\/wp\/v2\/pages\/190"}],"wp:attachment":[{"href":"http:\/\/www.basanaviciaus.vilnius.lm.lt\/index.php?rest_route=%2Fwp%2Fv2%2Fmedia&parent=12679"}],"curies":[{"name":"wp","href":"https:\/\/api.w.org\/{rel}","templated":true}]}}